{"id":298,"date":"2024-01-07T19:03:03","date_gmt":"2024-01-07T17:03:03","guid":{"rendered":"https:\/\/www.daily-lama.com\/wellengang\/?page_id=298"},"modified":"2024-02-14T21:39:15","modified_gmt":"2024-02-14T19:39:15","slug":"referenzen-achtsamkeit","status":"publish","type":"page","link":"https:\/\/www.daily-lama.com\/wellengang\/referenzen-achtsamkeit\/","title":{"rendered":"Referenzen Achtsamkeit | mbsr"},"content":{"rendered":"<h1>Referenzen mbsr: Was Kursteilnehmer erleben &#8230;<\/h1>\n<p><strong>Hier finden Sie Einblicke in meine Arbeit. Teilnehmer aus Gruppenkursen bzw. aus Ebook- und Onlinekursen geben ihre Eindr\u00fccke wieder.<\/strong><\/p>\n<h2>&#8230; beim mbsr <a href=\"https:\/\/www.daily-lama.com\/wellengang\/firmentraining-achtsamkeit-mbsr\/\" rel=\"noopener noreferrer\">Gruppenkurs<\/a><\/h2>\n<div class=\"woo-sc-box  normal  rounded full\">\n<p style=\"text-align: left\"><strong>&#8222;Ein klasse Kurs. Mir gelingt es jetzt oft, mich von stressigen Situationen nicht \u00fcberfordern zu lassen.<\/strong> Ich bin viel ruhiger, Grenzen kann ich auch besser setzen. \u00dcberrascht hat mich, wie schnell sich das ver\u00e4ndert hat. Gut gefallen hat mir die Mischung aus Theorie und Praxis. Ich verstehe jetzt viel besser, warum ich so bin, wie ich bin. Und worum es wirklich geht in meinem Leben [&#8230;]&#8220;<\/p>\n<p style=\"text-align: left\">Eva-Maria G.<\/p>\n<div style=\"text-align: left\">\n<p style=\"text-align: left\">&#8222;[&#8230;] <strong>gerne schreibe ich Ihnen ein paar S\u00e4tze. Denn: von keinem Seminar habe ich so viel profitiert wie von Ihrem. <\/strong>[&#8230;] Dadurch dass ich die einzelnen \u00dcbungen immer wieder h\u00f6re, gelingt es mir immer besser, in den eigentlichen Situationen am Tag &#8211; n\u00e4mlich dann wenn es etwas hakelig wird, mir \u201eautomatisch\u201c klar zu werden, welche Automatismen bei mir ablaufen: Wut, Hektik, Aggression etc. Und dann kann ich mir sehr oft sagen: \u201eNein, jetzt nicht&#8220;, ich atme tief durch und lasse mir meine Laune nicht verderben !!! Das hat das mbsr Seminar bewirkt. Und ich bin unendlich dankbar daf\u00fcr.&#8220;<\/p>\n<p style=\"text-align: left\">Hans Drautzburg<\/p>\n<p>&#8222;[&#8230;] <strong>Der Kurs hat mir geholfen achtsamer zu sein und mit Stresssituationen besser umzugehen, schnell die Notbremse zu ziehen, wenn mal wieder alles zu viel wird<\/strong>. Die Erfahrungen und das Erlernen praktischer Methoden durch MBSR wirken nachhaltig und helfen mir immer, in Konfliktsituationen zu Gelassenheit zur\u00fcckzufinden.&#8220;<\/p>\n<p>Lisa K. <img loading=\"lazy\" decoding=\"async\" class=\"aligncenter size-full wp-image-92\" src=\"https:\/\/www.daily-lama.com\/wellengang\/wp-content\/uploads\/sites\/2\/Dot-gr-orange.png\" alt=\"\" width=\"78\" height=\"77\" \/> &#8222;<strong>Ein wesentliches Merkmal in der Stellenbeschreibung von F\u00fchrungskr\u00e4ften ist die soziale Kompetenz.<\/strong> [&#8230;] Viele F\u00fchrungsseminare befassen sich mit diesen kognitiv schwer erfassbaren Themen. Als Vorsitzende der DRK Schwesternschaften in Rheinland-Pfalz mit Sitz in Neustadt\/Weinstra\u00dfe und Mainz wollte ich den Leitungskr\u00e4ften ein anderes Werkzeug ans Herz legen: einen Achtsamkeitskurs. Inzwischen wurden zwei Kurse durchgef\u00fchrt und die Teilnehmer\/innen f\u00fchlen sich durchweg mit den M\u00f6glichkeiten des mbsr gut ausgestattet. [&#8230;] Mbsr hilft im F\u00fchrungsalltag unangenehme Gef\u00fchle wahrzunehmen, klar zu kommunizieren und aufmerksam im Hier und Jetzt zu sein.<strong> Die Absolvent\/innen der Kurse empfehlen das mbsr Training uneingeschr\u00e4nkt weiter.&#8220;\u00a0 <\/strong><\/p>\n<p>Leonore Galuschka (Vorsitzende)<\/p>\n<p style=\"text-align: left\"><strong>&#8222;MBSR und Segeln in Kombination, die perfekte Erg\u00e4nzung. <\/strong>Urlaub ist wunderbar, doch das Erlernen einer Methode, die f\u00fcr kleine Inseln im Alltag sorgt hat uns bereichert. MBSR wurde uns professionell und herzlich von Thomas vermittelt. Seitdem gehen wir mit mehr Pr\u00e4senz durch den Alltag und immer wieder durch unseren K\u00f6rper. Geist und K\u00f6rper haben gleicherma\u00dfen vom Erlernten profitiert. Danke daf\u00fcr.<\/p>\n<p style=\"text-align: left\">Elke und Eckhard Schwertfeger (Unternehmensberaterin und Arzt)&#8220;<\/p>\n<\/div>\n<\/div>\n<h2>beim mbsr Ebook- und Onlinekurs<\/h2>\n<div class=\"woo-sc-box  normal  rounded full\">\n<p style=\"text-align: left\"><strong>Das mbsr Ebook ist die gro\u00dfe Schwester des kostenfreien mbsr Schnupperkurses. <\/strong><\/p>\n<p style=\"text-align: left\"><strong>Das Ebook finden Sie <a href=\"https:\/\/www.daily-lama.com\/wellengang\/buecher-zu-achtsamkeit-und-auszeit\/\" rel=\"noopener noreferrer\">hier<\/a>. Den Schnupperkurs finden Sie <a href=\"https:\/\/www.daily-lama.com\/onlinekurs-achtsamkeit-mbsr\/\" rel=\"noopener noreferrer\">hier<\/a>.<\/strong><\/p>\n<p style=\"text-align: left\">&#8222;[&#8230;]<strong>\u00a0beim Vorbereiten meiner MBSR-Kurse bin ich auf Ihre Webseite gestossen. <\/strong>Ihre Texte begeistern mich und ich finde diese zum Teil wesentlich besser als die Texte die ich bei der Ausbildung zum MBSR-Lehrer bekommen habe. Daf\u00fcr m\u00f6chte ich mich bei Ihnen herzlich bedanken. Ihr Onlinekurs \u00fcber Achtsamkeit ist eine grosse Bereicherung f\u00fcr die MBSR-Welt.&#8220;<\/p>\n<p style=\"text-align: left\">B. Bucher<img loading=\"lazy\" decoding=\"async\" class=\"aligncenter size-full wp-image-92\" src=\"https:\/\/www.daily-lama.com\/wellengang\/wp-content\/uploads\/sites\/2\/Dot-gr-orange.png\" alt=\"\" width=\"78\" height=\"77\" \/><\/p>\n<p style=\"text-align: left\"><strong>&#8222;Einfach grosse Klasse Herr H\u00fcbner, vielen Dank ich hoffe ich kann in meiner \u00e4rztlichen \/ und Kur\u00e4rztlichen Praxis vieles davon an Pat. weitergeben.<\/strong> Habe gleich Ihr E-Book gekauft finde kompakte Info grossartig. Herzliche Gr\u00fc\u00dfe aus Oberstaufen.&#8220;<\/p>\n<p style=\"text-align: left\">Hans &#8211; Harald L\u00f6hler<\/p>\n<p style=\"text-align: left\">&#8222;[&#8230;]<strong>\u00a0auch von mir ein herzliches Dankesch\u00f6n f\u00fcr Ihre Texte und echte Hochachtung f\u00fcr die gut geschriebenen Informationen<\/strong>, eindr\u00fccklichen Darstellungen, feinen Formulierungen, kurzum: f\u00fcr Ihr kompaktes aber reichhaltiges Achtsamkeits-Menue.&#8220;<\/p>\n<p style=\"text-align: left\">Peter Fuchs, MBSR-Lehrer<\/p>\n<p style=\"text-align: left\">&#8222;[&#8230;] <strong>Von Anfang an hat mich die ruhige und freundliche Ansprache erreicht und durch den Kurs gef\u00fchrt<\/strong>. Danke, dass Sie mich jederzeit vor meinem eigenen schlechten Gewissen beim \u201eAbschweifen\u201c oder Mangel an Disziplin bewahrten. \u00dcbrigens habe ich Sie schon vielfach weiterempfohlen. Nochmals vielen Dank! Und alles Gute. Tsch\u00fc\u00df.&#8220;<\/p>\n<p style=\"text-align: left\">Michael<\/p>\n<\/div>\n<p>&nbsp;<\/p>\n","protected":false},"excerpt":{"rendered":"<p>Referenzen mbsr: Was Kursteilnehmer erleben &#8230; Hier finden Sie Einblicke in meine Arbeit. Teilnehmer aus Gruppenkursen bzw. aus Ebook- und Onlinekursen geben ihre Eindr\u00fccke wieder. &#8230; beim mbsr Gruppenkurs beim mbsr Ebook- und Onlinekurs &nbsp;<\/p>\n","protected":false},"author":1,"featured_media":0,"parent":0,"menu_order":0,"comment_status":"closed","ping_status":"closed","template":"template-biz.php","meta":{"footnotes":""},"class_list":["post-298","page","type-page","status-publish","hentry"],"yoast_head":"<!-- This site is optimized with the Yoast SEO plugin v27.5 - https:\/\/yoast.com\/product\/yoast-seo-wordpress\/ -->\n<title>Referenzen Achtsamkeit | mbsr - Wellengang<\/title>\n<meta name=\"description\" content=\"Referenzen zu Veranstaltungen: Teilnehmer aus Gruppenkursen, Coachings und Onlinekursen geben ihre Eindr\u00fccke wieder.\" \/>\n<meta name=\"robots\" content=\"index, follow, max-snippet:-1, max-image-preview:large, max-video-preview:-1\" \/>\n<link rel=\"canonical\" href=\"https:\/\/www.daily-lama.com\/wellengang\/referenzen-achtsamkeit\/\" \/>\n<meta property=\"og:locale\" content=\"de_DE\" \/>\n<meta property=\"og:type\" content=\"article\" \/>\n<meta property=\"og:title\" content=\"Referenzen Achtsamkeit | mbsr - Wellengang\" \/>\n<meta property=\"og:description\" content=\"Referenzen zu Veranstaltungen: Teilnehmer aus Gruppenkursen, Coachings und Onlinekursen geben ihre Eindr\u00fccke wieder.\" \/>\n<meta property=\"og:url\" content=\"https:\/\/www.daily-lama.com\/wellengang\/referenzen-achtsamkeit\/\" \/>\n<meta property=\"og:site_name\" content=\"Wellengang\" \/>\n<meta property=\"article:modified_time\" content=\"2024-02-14T19:39:15+00:00\" \/>\n<meta property=\"og:image\" content=\"https:\/\/www.daily-lama.com\/wellengang\/wp-content\/uploads\/sites\/2\/Dot-gr-orange.png\" \/>\n<meta name=\"twitter:card\" content=\"summary_large_image\" \/>\n<meta name=\"twitter:label1\" content=\"Gesch\u00e4tzte Lesezeit\" \/>\n\t<meta name=\"twitter:data1\" content=\"3\u00a0Minuten\" \/>\n<script type=\"application\/ld+json\" class=\"yoast-schema-graph\">{\"@context\":\"https:\\\/\\\/schema.org\",\"@graph\":[{\"@type\":\"WebPage\",\"@id\":\"https:\\\/\\\/www.daily-lama.com\\\/wellengang\\\/referenzen-achtsamkeit\\\/\",\"url\":\"https:\\\/\\\/www.daily-lama.com\\\/wellengang\\\/referenzen-achtsamkeit\\\/\",\"name\":\"Referenzen Achtsamkeit | mbsr - Wellengang\",\"isPartOf\":{\"@id\":\"https:\\\/\\\/www.daily-lama.com\\\/wellengang\\\/#website\"},\"primaryImageOfPage\":{\"@id\":\"https:\\\/\\\/www.daily-lama.com\\\/wellengang\\\/referenzen-achtsamkeit\\\/#primaryimage\"},\"image\":{\"@id\":\"https:\\\/\\\/www.daily-lama.com\\\/wellengang\\\/referenzen-achtsamkeit\\\/#primaryimage\"},\"thumbnailUrl\":\"https:\\\/\\\/www.daily-lama.com\\\/wellengang\\\/wp-content\\\/uploads\\\/sites\\\/2\\\/Dot-gr-orange.png\",\"datePublished\":\"2024-01-07T17:03:03+00:00\",\"dateModified\":\"2024-02-14T19:39:15+00:00\",\"description\":\"Referenzen zu Veranstaltungen: Teilnehmer aus Gruppenkursen, Coachings und Onlinekursen geben ihre Eindr\u00fccke wieder.\",\"breadcrumb\":{\"@id\":\"https:\\\/\\\/www.daily-lama.com\\\/wellengang\\\/referenzen-achtsamkeit\\\/#breadcrumb\"},\"inLanguage\":\"de\",\"potentialAction\":[{\"@type\":\"ReadAction\",\"target\":[\"https:\\\/\\\/www.daily-lama.com\\\/wellengang\\\/referenzen-achtsamkeit\\\/\"]}]},{\"@type\":\"ImageObject\",\"inLanguage\":\"de\",\"@id\":\"https:\\\/\\\/www.daily-lama.com\\\/wellengang\\\/referenzen-achtsamkeit\\\/#primaryimage\",\"url\":\"https:\\\/\\\/www.daily-lama.com\\\/wellengang\\\/wp-content\\\/uploads\\\/sites\\\/2\\\/Dot-gr-orange.png\",\"contentUrl\":\"https:\\\/\\\/www.daily-lama.com\\\/wellengang\\\/wp-content\\\/uploads\\\/sites\\\/2\\\/Dot-gr-orange.png\",\"width\":78,\"height\":77},{\"@type\":\"BreadcrumbList\",\"@id\":\"https:\\\/\\\/www.daily-lama.com\\\/wellengang\\\/referenzen-achtsamkeit\\\/#breadcrumb\",\"itemListElement\":[{\"@type\":\"ListItem\",\"position\":1,\"name\":\"Startseite\",\"item\":\"https:\\\/\\\/www.daily-lama.com\\\/wellengang\\\/\"},{\"@type\":\"ListItem\",\"position\":2,\"name\":\"Referenzen Achtsamkeit | mbsr\"}]},{\"@type\":\"WebSite\",\"@id\":\"https:\\\/\\\/www.daily-lama.com\\\/wellengang\\\/#website\",\"url\":\"https:\\\/\\\/www.daily-lama.com\\\/wellengang\\\/\",\"name\":\"Wellengang\",\"description\":\"Stark im Sturm | Gelassen im Alltag\",\"potentialAction\":[{\"@type\":\"SearchAction\",\"target\":{\"@type\":\"EntryPoint\",\"urlTemplate\":\"https:\\\/\\\/www.daily-lama.com\\\/wellengang\\\/?s={search_term_string}\"},\"query-input\":{\"@type\":\"PropertyValueSpecification\",\"valueRequired\":true,\"valueName\":\"search_term_string\"}}],\"inLanguage\":\"de\"}]}<\/script>\n<!-- \/ Yoast SEO plugin. -->","yoast_head_json":{"title":"Referenzen Achtsamkeit | mbsr - Wellengang","description":"Referenzen zu Veranstaltungen: Teilnehmer aus Gruppenkursen, Coachings und Onlinekursen geben ihre Eindr\u00fccke wieder.","robots":{"index":"index","follow":"follow","max-snippet":"max-snippet:-1","max-image-preview":"max-image-preview:large","max-video-preview":"max-video-preview:-1"},"canonical":"https:\/\/www.daily-lama.com\/wellengang\/referenzen-achtsamkeit\/","og_locale":"de_DE","og_type":"article","og_title":"Referenzen Achtsamkeit | mbsr - Wellengang","og_description":"Referenzen zu Veranstaltungen: Teilnehmer aus Gruppenkursen, Coachings und Onlinekursen geben ihre Eindr\u00fccke wieder.","og_url":"https:\/\/www.daily-lama.com\/wellengang\/referenzen-achtsamkeit\/","og_site_name":"Wellengang","article_modified_time":"2024-02-14T19:39:15+00:00","og_image":[{"url":"https:\/\/www.daily-lama.com\/wellengang\/wp-content\/uploads\/sites\/2\/Dot-gr-orange.png","type":"","width":"","height":""}],"twitter_card":"summary_large_image","twitter_misc":{"Gesch\u00e4tzte Lesezeit":"3\u00a0Minuten"},"schema":{"@context":"https:\/\/schema.org","@graph":[{"@type":"WebPage","@id":"https:\/\/www.daily-lama.com\/wellengang\/referenzen-achtsamkeit\/","url":"https:\/\/www.daily-lama.com\/wellengang\/referenzen-achtsamkeit\/","name":"Referenzen Achtsamkeit | mbsr - Wellengang","isPartOf":{"@id":"https:\/\/www.daily-lama.com\/wellengang\/#website"},"primaryImageOfPage":{"@id":"https:\/\/www.daily-lama.com\/wellengang\/referenzen-achtsamkeit\/#primaryimage"},"image":{"@id":"https:\/\/www.daily-lama.com\/wellengang\/referenzen-achtsamkeit\/#primaryimage"},"thumbnailUrl":"https:\/\/www.daily-lama.com\/wellengang\/wp-content\/uploads\/sites\/2\/Dot-gr-orange.png","datePublished":"2024-01-07T17:03:03+00:00","dateModified":"2024-02-14T19:39:15+00:00","description":"Referenzen zu Veranstaltungen: Teilnehmer aus Gruppenkursen, Coachings und Onlinekursen geben ihre Eindr\u00fccke wieder.","breadcrumb":{"@id":"https:\/\/www.daily-lama.com\/wellengang\/referenzen-achtsamkeit\/#breadcrumb"},"inLanguage":"de","potentialAction":[{"@type":"ReadAction","target":["https:\/\/www.daily-lama.com\/wellengang\/referenzen-achtsamkeit\/"]}]},{"@type":"ImageObject","inLanguage":"de","@id":"https:\/\/www.daily-lama.com\/wellengang\/referenzen-achtsamkeit\/#primaryimage","url":"https:\/\/www.daily-lama.com\/wellengang\/wp-content\/uploads\/sites\/2\/Dot-gr-orange.png","contentUrl":"https:\/\/www.daily-lama.com\/wellengang\/wp-content\/uploads\/sites\/2\/Dot-gr-orange.png","width":78,"height":77},{"@type":"BreadcrumbList","@id":"https:\/\/www.daily-lama.com\/wellengang\/referenzen-achtsamkeit\/#breadcrumb","itemListElement":[{"@type":"ListItem","position":1,"name":"Startseite","item":"https:\/\/www.daily-lama.com\/wellengang\/"},{"@type":"ListItem","position":2,"name":"Referenzen Achtsamkeit | mbsr"}]},{"@type":"WebSite","@id":"https:\/\/www.daily-lama.com\/wellengang\/#website","url":"https:\/\/www.daily-lama.com\/wellengang\/","name":"Wellengang","description":"Stark im Sturm | Gelassen im Alltag","potentialAction":[{"@type":"SearchAction","target":{"@type":"EntryPoint","urlTemplate":"https:\/\/www.daily-lama.com\/wellengang\/?s={search_term_string}"},"query-input":{"@type":"PropertyValueSpecification","valueRequired":true,"valueName":"search_term_string"}}],"inLanguage":"de"}]}},"_links":{"self":[{"href":"https:\/\/www.daily-lama.com\/wellengang\/wp-json\/wp\/v2\/pages\/298","targetHints":{"allow":["GET"]}}],"collection":[{"href":"https:\/\/www.daily-lama.com\/wellengang\/wp-json\/wp\/v2\/pages"}],"about":[{"href":"https:\/\/www.daily-lama.com\/wellengang\/wp-json\/wp\/v2\/types\/page"}],"author":[{"embeddable":true,"href":"https:\/\/www.daily-lama.com\/wellengang\/wp-json\/wp\/v2\/users\/1"}],"replies":[{"embeddable":true,"href":"https:\/\/www.daily-lama.com\/wellengang\/wp-json\/wp\/v2\/comments?post=298"}],"version-history":[{"count":5,"href":"https:\/\/www.daily-lama.com\/wellengang\/wp-json\/wp\/v2\/pages\/298\/revisions"}],"predecessor-version":[{"id":548,"href":"https:\/\/www.daily-lama.com\/wellengang\/wp-json\/wp\/v2\/pages\/298\/revisions\/548"}],"wp:attachment":[{"href":"https:\/\/www.daily-lama.com\/wellengang\/wp-json\/wp\/v2\/media?parent=298"}],"curies":[{"name":"wp","href":"https:\/\/api.w.org\/{rel}","templated":true}]}}